{"id":263,"date":"2022-12-13T12:53:26","date_gmt":"2022-12-13T11:53:26","guid":{"rendered":"https:\/\/www.antemio.com\/?page_id=263"},"modified":"2023-02-20T09:38:57","modified_gmt":"2023-02-20T08:38:57","slug":"who-we-are","status":"publish","type":"page","link":"https:\/\/www.antemio.com\/en\/who-we-are\/","title":{"rendered":"Who we are"},"content":{"rendered":"<div class=\"wpb-content-wrapper\"><p>[vc_row content_placement=&#8221;top&#8221; css=&#8221;.vc_custom_1526906707598{padding-top: 25px !important;padding-bottom: 50px !important;}&#8221;][vc_column width=&#8221;1\/2&#8243; reveal_effect=&#8221;fadeIn&#8221; reveal_duration=&#8221;0.7&#8243;][vc_column_text el_class=&#8221;page-title-size&#8221; css=&#8221;.vc_custom_1676881427003{margin-bottom: 15px !important;}&#8221;]<\/p>\n<h1>Who we are<\/h1>\n<p>[\/vc_column_text][\/vc_column][vc_column width=&#8221;1\/2&#8243;][vc_column_text css=&#8221;.vc_custom_1676881468148{margin-bottom: 0px !important;}&#8221;]Design team operating since 2010 in Cracow. Architectural and interdisciplinary desing.<\/p>\n<p>Three leader architects with over 20 years of experience with the team of architects. Architects with polish law required entitlements.[\/vc_column_text][\/vc_column][\/vc_row][vc_row][vc_column][vc_row_inner el_class=&#8221;members&#8221;][vc_column_inner el_class=&#8221;team-member&#8221; width=&#8221;1\/3&#8243;][vc_single_image image=&#8221;151&#8243; img_size=&#8221;full&#8221; alignment=&#8221;center&#8221; css_animation=&#8221;none&#8221;][vc_custom_heading text=&#8221;Przemys\u0142aw Ku\u017ama&#8221; font_container=&#8221;tag:h4|font_size:22|text_align:left&#8221; use_theme_fonts=&#8221;yes&#8221;][vc_column_text css=&#8221;.vc_custom_1676881495405{margin-bottom: 0px !important;}&#8221;]Owner[\/vc_column_text][\/vc_column_inner][vc_column_inner width=&#8221;1\/3&#8243;][vc_single_image image=&#8221;152&#8243; img_size=&#8221;full&#8221; alignment=&#8221;center&#8221; css_animation=&#8221;none&#8221;][vc_custom_heading text=&#8221;Witold Pleba\u0144czyk&#8221; font_container=&#8221;tag:h4|font_size:22|text_align:left&#8221; use_theme_fonts=&#8221;yes&#8221;][vc_column_text css=&#8221;.vc_custom_1676881501247{margin-bottom: 0px !important;}&#8221;]Owner[\/vc_column_text][\/vc_column_inner][vc_column_inner el_class=&#8221;team-member&#8221; width=&#8221;1\/3&#8243;][vc_single_image image=&#8221;150&#8243; img_size=&#8221;full&#8221; alignment=&#8221;center&#8221; css_animation=&#8221;none&#8221;][vc_custom_heading text=&#8221;Adam Kocyk&#8221; font_container=&#8221;tag:h4|font_size:22|text_align:left&#8221; use_theme_fonts=&#8221;yes&#8221;][vc_column_text css=&#8221;.vc_custom_1676881507601{margin-bottom: 0px !important;}&#8221;]Owner[\/vc_column_text][\/vc_column_inner][\/vc_row_inner][vc_row_inner css=&#8221;.vc_custom_1671127842217{margin-top: 24px !important;}&#8221;][vc_column_inner el_class=&#8221;team-member&#8221;][vc_column_text css=&#8221;.vc_custom_1676881517559{margin-bottom: 16px !important;}&#8221;]Cooperation:[\/vc_column_text][vc_custom_heading text=&#8221;Jaros\u0142aw Jatczak&#8221; font_container=&#8221;tag:h4|font_size:22|text_align:left&#8221; use_theme_fonts=&#8221;yes&#8221;][vc_custom_heading text=&#8221;Agnieszka Ropka-Gatlik&#8221; font_container=&#8221;tag:h4|font_size:22|text_align:left&#8221; use_theme_fonts=&#8221;yes&#8221;][vc_custom_heading text=&#8221;Katarzyna Rzy\u0142a&#8221; font_container=&#8221;tag:h4|font_size:22|text_align:left&#8221; use_theme_fonts=&#8221;yes&#8221;][vc_custom_heading text=&#8221;Angelika Soprych&#8221; font_container=&#8221;tag:h4|font_size:22|text_align:left&#8221; use_theme_fonts=&#8221;yes&#8221;][\/vc_column_inner][\/vc_row_inner][\/vc_column][\/vc_row][vc_row css=&#8221;.vc_custom_1676882333623{margin-bottom: 24px !important;}&#8221;][vc_column width=&#8221;1\/2&#8243;][vc_column_text css=&#8221;.vc_custom_1676881612469{margin-bottom: 16px !important;}&#8221;]The main expertise:<\/p>\n<ul>\n<li>comercial buildings,<\/li>\n<li>public buildings,<\/li>\n<li>industrial,<\/li>\n<li>residential,<\/li>\n<li>other (geothermal buildings, cableway buildings)<\/li>\n<\/ul>\n<p>Interdisciplinary design based on cooperation with engineers and consultants team including:<\/p>\n<ul>\n<li>structural engineers<\/li>\n<li>HVAC engineers<\/li>\n<li>electricians<\/li>\n<li>BMS engineers<\/li>\n<li>road engineers<\/li>\n<li>landscape designers<\/li>\n<li>fire safety consultants<\/li>\n<li>work safety consulntants<\/li>\n<li>food preparation consultants<\/li>\n<li>pool technology consultants<\/li>\n<\/ul>\n<p>We are also providing advising services including reports as:<\/p>\n<ul>\n<li>functional programmes<\/li>\n<li>3rd party design verification<\/li>\n<li>due diligence reports<\/li>\n<\/ul>\n<p>We cover the whole Poland.[\/vc_column_text][\/vc_column][vc_column width=&#8221;1\/2&#8243;][vc_single_image image=&#8221;162&#8243; img_size=&#8221;full&#8221; alignment=&#8221;center&#8221; css_animation=&#8221;fadeIn&#8221;][\/vc_column][\/vc_row][vc_row full_width=&#8221;stretch_row&#8221; parallax=&#8221;content-moving&#8221; parallax_image=&#8221;192&#8243; parallax_speed_bg=&#8221;1.4&#8243; css=&#8221;.vc_custom_1676270485174{padding-top: 150px !important;padding-bottom: 150px !important;}&#8221;][vc_column width=&#8221;1\/2&#8243;][\/vc_column][vc_column width=&#8221;1\/2&#8243;][vc_column_text css=&#8221;.vc_custom_1676881635169{padding-top: 35px !important;padding-right: 35px !important;padding-bottom: 35px !important;padding-left: 35px !important;background-color: rgba(255,255,255,0.97) !important;*background-color: rgb(255,255,255) !important;}&#8221; el_class=&#8221;text-block-arrow&#8221;]<\/p>\n<h2 class=\"section-header section-header-bold\">Team<\/h2>\n<p>&nbsp;<\/p>\n<p>We are reliable, precise, ingenious and open for innovations. We are well-coordinated and organized team that can undertake very demanding design challenges.[\/vc_column_text][\/vc_column][\/vc_row]<\/p>\n<\/div>","protected":false},"excerpt":{"rendered":"<p>[vc_row content_placement=&#8221;top&#8221; css=&#8221;.vc_custom_1526906707598{padding-top: 25px !important;padding-bottom: 50px !important;}&#8221;][vc_column width=&#8221;1\/2&#8243; reveal_effect=&#8221;fadeIn&#8221; reveal_duration=&#8221;0.7&#8243;][vc_column_text el_class=&#8221;page-title-size&#8221; css=&#8221;.vc_custom_1676881427003{margin-bottom: 15px !important;}&#8221;] Who we are [\/vc_column_text][\/vc_column][vc_column width=&#8221;1\/2&#8243;][vc_column_text css=&#8221;.vc_custom_1676881468148{margin-bottom: 0px !important;}&#8221;]Design team operating since 2010 in Cracow. Architectural and interdisciplinary desing. Three leader architects with over 20 years of experience with the team of architects. Architects with polish law required entitlements.[\/vc_column_text][\/vc_column][\/vc_row][vc_row][vc_column][vc_row_inner el_class=&#8221;members&#8221;][vc_column_inner el_class=&#8221;team-member&#8221; width=&#8221;1\/3&#8243;][vc_single_image&hellip;<\/p>\n","protected":false},"author":2,"featured_media":0,"parent":0,"menu_order":0,"comment_status":"closed","ping_status":"closed","template":"","meta":{"_acf_changed":false,"footnotes":""},"class_list":["post-263","page","type-page","status-publish","hentry"],"acf":[],"yoast_head":"<!-- This site is optimized with the Yoast SEO plugin v24.6 - https:\/\/yoast.com\/wordpress\/plugins\/seo\/ -->\n<title>Who we are - Antemio Architektura<\/title>\n<meta name=\"description\" content=\"Pracownia architektoniczna dzia\u0142aj\u0105ca w Krakowie od 2010r specjalizuj\u0105ca si\u0119 w projektowaniu architektonicznym i wielobran\u017cowym.\" \/>\n<meta name=\"robots\" content=\"index, follow, max-snippet:-1, max-image-preview:large, max-video-preview:-1\" \/>\n<link rel=\"canonical\" href=\"https:\/\/www.antemio.com\/en\/who-we-are\/\" \/>\n<meta property=\"og:locale\" content=\"en_US\" \/>\n<meta property=\"og:type\" content=\"article\" \/>\n<meta property=\"og:title\" content=\"Who we are - Antemio Architektura\" \/>\n<meta property=\"og:description\" content=\"Pracownia architektoniczna dzia\u0142aj\u0105ca w Krakowie od 2010r specjalizuj\u0105ca si\u0119 w projektowaniu architektonicznym i wielobran\u017cowym.\" \/>\n<meta property=\"og:url\" content=\"https:\/\/www.antemio.com\/en\/who-we-are\/\" \/>\n<meta property=\"og:site_name\" content=\"Antemio Architektura\" \/>\n<meta property=\"article:modified_time\" content=\"2023-02-20T08:38:57+00:00\" \/>\n<meta name=\"twitter:card\" content=\"summary_large_image\" \/>\n<meta name=\"twitter:label1\" content=\"Est. reading time\" \/>\n\t<meta name=\"twitter:data1\" content=\"3 minutes\" \/>\n<script type=\"application\/ld+json\" class=\"yoast-schema-graph\">{\"@context\":\"https:\/\/schema.org\",\"@graph\":[{\"@type\":\"WebPage\",\"@id\":\"https:\/\/www.antemio.com\/en\/who-we-are\/\",\"url\":\"https:\/\/www.antemio.com\/en\/who-we-are\/\",\"name\":\"Who we are - Antemio Architektura\",\"isPartOf\":{\"@id\":\"https:\/\/www.antemio.com\/en\/#website\"},\"datePublished\":\"2022-12-13T11:53:26+00:00\",\"dateModified\":\"2023-02-20T08:38:57+00:00\",\"description\":\"Pracownia architektoniczna dzia\u0142aj\u0105ca w Krakowie od 2010r specjalizuj\u0105ca si\u0119 w projektowaniu architektonicznym i wielobran\u017cowym.\",\"breadcrumb\":{\"@id\":\"https:\/\/www.antemio.com\/en\/who-we-are\/#breadcrumb\"},\"inLanguage\":\"en-US\",\"potentialAction\":[{\"@type\":\"ReadAction\",\"target\":[\"https:\/\/www.antemio.com\/en\/who-we-are\/\"]}]},{\"@type\":\"BreadcrumbList\",\"@id\":\"https:\/\/www.antemio.com\/en\/who-we-are\/#breadcrumb\",\"itemListElement\":[{\"@type\":\"ListItem\",\"position\":1,\"name\":\"Strona g\u0142\u00f3wna\",\"item\":\"https:\/\/www.antemio.com\/en\/home\/\"},{\"@type\":\"ListItem\",\"position\":2,\"name\":\"Who we are\"}]},{\"@type\":\"WebSite\",\"@id\":\"https:\/\/www.antemio.com\/en\/#website\",\"url\":\"https:\/\/www.antemio.com\/en\/\",\"name\":\"Antemio Architektura\",\"description\":\"\",\"publisher\":{\"@id\":\"https:\/\/www.antemio.com\/en\/#organization\"},\"potentialAction\":[{\"@type\":\"SearchAction\",\"target\":{\"@type\":\"EntryPoint\",\"urlTemplate\":\"https:\/\/www.antemio.com\/en\/?s={search_term_string}\"},\"query-input\":{\"@type\":\"PropertyValueSpecification\",\"valueRequired\":true,\"valueName\":\"search_term_string\"}}],\"inLanguage\":\"en-US\"},{\"@type\":\"Organization\",\"@id\":\"https:\/\/www.antemio.com\/en\/#organization\",\"name\":\"Antemio Architektura\",\"url\":\"https:\/\/www.antemio.com\/en\/\",\"logo\":{\"@type\":\"ImageObject\",\"inLanguage\":\"en-US\",\"@id\":\"https:\/\/www.antemio.com\/en\/#\/schema\/logo\/image\/\",\"url\":\"https:\/\/www.antemio.com\/wp-content\/uploads\/2022\/12\/logo-antemio.png\",\"contentUrl\":\"https:\/\/www.antemio.com\/wp-content\/uploads\/2022\/12\/logo-antemio.png\",\"width\":329,\"height\":88,\"caption\":\"Antemio Architektura\"},\"image\":{\"@id\":\"https:\/\/www.antemio.com\/en\/#\/schema\/logo\/image\/\"}}]}<\/script>\n<!-- \/ Yoast SEO plugin. -->","yoast_head_json":{"title":"Who we are - Antemio Architektura","description":"Pracownia architektoniczna dzia\u0142aj\u0105ca w Krakowie od 2010r specjalizuj\u0105ca si\u0119 w projektowaniu architektonicznym i wielobran\u017cowym.","robots":{"index":"index","follow":"follow","max-snippet":"max-snippet:-1","max-image-preview":"max-image-preview:large","max-video-preview":"max-video-preview:-1"},"canonical":"https:\/\/www.antemio.com\/en\/who-we-are\/","og_locale":"en_US","og_type":"article","og_title":"Who we are - Antemio Architektura","og_description":"Pracownia architektoniczna dzia\u0142aj\u0105ca w Krakowie od 2010r specjalizuj\u0105ca si\u0119 w projektowaniu architektonicznym i wielobran\u017cowym.","og_url":"https:\/\/www.antemio.com\/en\/who-we-are\/","og_site_name":"Antemio Architektura","article_modified_time":"2023-02-20T08:38:57+00:00","twitter_card":"summary_large_image","twitter_misc":{"Est. reading time":"3 minutes"},"schema":{"@context":"https:\/\/schema.org","@graph":[{"@type":"WebPage","@id":"https:\/\/www.antemio.com\/en\/who-we-are\/","url":"https:\/\/www.antemio.com\/en\/who-we-are\/","name":"Who we are - Antemio Architektura","isPartOf":{"@id":"https:\/\/www.antemio.com\/en\/#website"},"datePublished":"2022-12-13T11:53:26+00:00","dateModified":"2023-02-20T08:38:57+00:00","description":"Pracownia architektoniczna dzia\u0142aj\u0105ca w Krakowie od 2010r specjalizuj\u0105ca si\u0119 w projektowaniu architektonicznym i wielobran\u017cowym.","breadcrumb":{"@id":"https:\/\/www.antemio.com\/en\/who-we-are\/#breadcrumb"},"inLanguage":"en-US","potentialAction":[{"@type":"ReadAction","target":["https:\/\/www.antemio.com\/en\/who-we-are\/"]}]},{"@type":"BreadcrumbList","@id":"https:\/\/www.antemio.com\/en\/who-we-are\/#breadcrumb","itemListElement":[{"@type":"ListItem","position":1,"name":"Strona g\u0142\u00f3wna","item":"https:\/\/www.antemio.com\/en\/home\/"},{"@type":"ListItem","position":2,"name":"Who we are"}]},{"@type":"WebSite","@id":"https:\/\/www.antemio.com\/en\/#website","url":"https:\/\/www.antemio.com\/en\/","name":"Antemio Architektura","description":"","publisher":{"@id":"https:\/\/www.antemio.com\/en\/#organization"},"potentialAction":[{"@type":"SearchAction","target":{"@type":"EntryPoint","urlTemplate":"https:\/\/www.antemio.com\/en\/?s={search_term_string}"},"query-input":{"@type":"PropertyValueSpecification","valueRequired":true,"valueName":"search_term_string"}}],"inLanguage":"en-US"},{"@type":"Organization","@id":"https:\/\/www.antemio.com\/en\/#organization","name":"Antemio Architektura","url":"https:\/\/www.antemio.com\/en\/","logo":{"@type":"ImageObject","inLanguage":"en-US","@id":"https:\/\/www.antemio.com\/en\/#\/schema\/logo\/image\/","url":"https:\/\/www.antemio.com\/wp-content\/uploads\/2022\/12\/logo-antemio.png","contentUrl":"https:\/\/www.antemio.com\/wp-content\/uploads\/2022\/12\/logo-antemio.png","width":329,"height":88,"caption":"Antemio Architektura"},"image":{"@id":"https:\/\/www.antemio.com\/en\/#\/schema\/logo\/image\/"}}]}},"_links":{"self":[{"href":"https:\/\/www.antemio.com\/en\/wp-json\/wp\/v2\/pages\/263","targetHints":{"allow":["GET"]}}],"collection":[{"href":"https:\/\/www.antemio.com\/en\/wp-json\/wp\/v2\/pages"}],"about":[{"href":"https:\/\/www.antemio.com\/en\/wp-json\/wp\/v2\/types\/page"}],"author":[{"embeddable":true,"href":"https:\/\/www.antemio.com\/en\/wp-json\/wp\/v2\/users\/2"}],"replies":[{"embeddable":true,"href":"https:\/\/www.antemio.com\/en\/wp-json\/wp\/v2\/comments?post=263"}],"version-history":[{"count":2,"href":"https:\/\/www.antemio.com\/en\/wp-json\/wp\/v2\/pages\/263\/revisions"}],"predecessor-version":[{"id":268,"href":"https:\/\/www.antemio.com\/en\/wp-json\/wp\/v2\/pages\/263\/revisions\/268"}],"wp:attachment":[{"href":"https:\/\/www.antemio.com\/en\/wp-json\/wp\/v2\/media?parent=263"}],"curies":[{"name":"wp","href":"https:\/\/api.w.org\/{rel}","templated":true}]}}